{"id":10209,"date":"2024-09-11T16:35:40","date_gmt":"2024-09-11T16:35:40","guid":{"rendered":"https:\/\/kath-kitas-koenigsbrunn.de\/?page_id=10209"},"modified":"2025-06-17T20:06:22","modified_gmt":"2025-06-17T20:06:22","slug":"sommerfest2024","status":"publish","type":"page","link":"https:\/\/kath-kitas-koenigsbrunn.de\/en\/sommerfest2024","title":{"rendered":"Sommerfest"},"content":{"rendered":"<div data-elementor-type=\"wp-page\" data-elementor-id=\"10209\" class=\"elementor elementor-10209\" data-elementor-post-type=\"page\">\n\t\t\t\t\t\t<section class=\"elementor-section elementor-top-section elementor-element elementor-element-09cb45e elementor-section-boxed elementor-section-height-default elementor-section-height-default\" data-id=\"09cb45e\" data-element_type=\"section\" data-e-type=\"section\">\n\t\t\t\t\t\t<div class=\"elementor-container elementor-column-gap-default\">\n\t\t\t\t\t<div class=\"elementor-column elementor-col-100 elementor-top-column elementor-element elementor-element-5fe59e2\" data-id=\"5fe59e2\" data-element_type=\"column\" data-e-type=\"column\">\n\t\t\t<div class=\"elementor-widget-wrap elementor-element-populated\">\n\t\t\t\t\t\t<div class=\"elementor-element elementor-element-25575ee elementor-widget elementor-widget-heading\" data-id=\"25575ee\" data-element_type=\"widget\" data-e-type=\"widget\" data-widget_type=\"heading.default\">\n\t\t\t\t<div class=\"elementor-widget-container\">\n\t\t\t\t\t<h2 class=\"elementor-heading-title elementor-size-default\">Sommerfest<\/h2>\t\t\t\t<\/div>\n\t\t\t\t<\/div>\n\t\t\t\t<section class=\"elementor-section elementor-inner-section elementor-element elementor-element-b8ae392 elementor-section-boxed elementor-section-height-default elementor-section-height-default\" data-id=\"b8ae392\" data-element_type=\"section\" data-e-type=\"section\">\n\t\t\t\t\t\t<div class=\"elementor-container elementor-column-gap-default\">\n\t\t\t\t\t<div class=\"elementor-column elementor-col-50 elementor-inner-column elementor-element elementor-element-4490f9f\" data-id=\"4490f9f\" data-element_type=\"column\" data-e-type=\"column\">\n\t\t\t<div class=\"elementor-widget-wrap elementor-element-populated\">\n\t\t\t\t\t\t<div class=\"elementor-element elementor-element-43a29f7 elementor-widget elementor-widget-text-editor\" data-id=\"43a29f7\" data-element_type=\"widget\" data-e-type=\"widget\" data-widget_type=\"text-editor.default\">\n\t\t\t\t<div class=\"elementor-widget-container\">\n\t\t\t\t\t\t\t\t\t<p>Unter dem Motto \u201ebayerisch\u201c stand in diesem Jahr das Sommerfest in der Kinderkrippe. Mit viel Liebe und Arbeit stellte das Personal mit den Kindern ein tolles Programm auf die Beine.<\/p><p>Neben einem Tanz und einem selbst getextetem Lied wurde mit altersgerechten Spiel- und Gestaltungsstationen an alles gedacht. F\u00fcr das leibliche Wohl gab es nach guter bayerischer Manier nat\u00fcrlich Leberk\u00e4ssemmel oder Wiener mit Semmel.<\/p><p>Vielen Dank an dieser Stelle an den tollen Einsatz des Elternbeirats, der bei der Essensausgabe sowie der Tombola flei\u00dfig mitgeholfen hat.<\/p><p>Die Preise f\u00fcr die Tombola wurden sehr zahlreich und gro\u00dfz\u00fcgig von Firmen\/Organisationen aus K\u00f6nigsbrunn und dem Umland beigesteuert. Auch hierf\u00fcr m\u00f6chten sich Krippenpersonal und Eltern nat\u00fcrlich auch im Namen der Kinder ganz herzlich bedanken.<\/p>\t\t\t\t\t\t\t\t<\/div>\n\t\t\t\t<\/div>\n\t\t\t\t\t<\/div>\n\t\t<\/div>\n\t\t\t\t<div class=\"elementor-column elementor-col-50 elementor-inner-column elementor-element elementor-element-b8d072c\" data-id=\"b8d072c\" data-element_type=\"column\" data-e-type=\"column\">\n\t\t\t<div class=\"elementor-widget-wrap elementor-element-populated\">\n\t\t\t\t\t\t<div class=\"elementor-element elementor-element-be961a4 elementor-widget elementor-widget-image\" data-id=\"be961a4\" data-element_type=\"widget\" data-e-type=\"widget\" data-widget_type=\"image.default\">\n\t\t\t\t<div class=\"elementor-widget-container\">\n\t\t\t\t\t\t\t\t\t\t\t\t\t\t\t<img fetchpriority=\"high\" decoding=\"async\" width=\"320\" height=\"241\" src=\"https:\/\/kath-kitas-koenigsbrunn.de\/wp-content\/uploads\/2024\/09\/Bild1.jpg\" class=\"attachment-large size-large wp-image-10210\" alt=\"\" srcset=\"https:\/\/kath-kitas-koenigsbrunn.de\/wp-content\/uploads\/2024\/09\/Bild1.jpg 320w, https:\/\/kath-kitas-koenigsbrunn.de\/wp-content\/uploads\/2024\/09\/Bild1-300x226.jpg 300w, https:\/\/kath-kitas-koenigsbrunn.de\/wp-content\/uploads\/2024\/09\/Bild1-16x12.jpg 16w, https:\/\/kath-kitas-koenigsbrunn.de\/wp-content\/uploads\/2024\/09\/Bild1-230x173.jpg 230w\" sizes=\"(max-width: 320px) 100vw, 320px\" \/>\t\t\t\t\t\t\t\t\t\t\t\t\t\t\t<\/div>\n\t\t\t\t<\/div>\n\t\t\t\t\t<\/div>\n\t\t<\/div>\n\t\t\t\t\t<\/div>\n\t\t<\/section>\n\t\t\t\t<section class=\"elementor-section elementor-inner-section elementor-element elementor-element-da66f0b elementor-section-boxed elementor-section-height-default elementor-section-height-default\" data-id=\"da66f0b\" data-element_type=\"section\" data-e-type=\"section\">\n\t\t\t\t\t\t<div class=\"elementor-container elementor-column-gap-default\">\n\t\t\t\t\t<div class=\"elementor-column elementor-col-50 elementor-inner-column elementor-element elementor-element-e536ee1\" data-id=\"e536ee1\" data-element_type=\"column\" data-e-type=\"column\">\n\t\t\t<div class=\"elementor-widget-wrap elementor-element-populated\">\n\t\t\t\t\t\t<div class=\"elementor-element elementor-element-97d9cc3 elementor-widget elementor-widget-image\" data-id=\"97d9cc3\" data-element_type=\"widget\" data-e-type=\"widget\" data-widget_type=\"image.default\">\n\t\t\t\t<div class=\"elementor-widget-container\">\n\t\t\t\t\t\t\t\t\t\t\t\t\t\t\t<img decoding=\"async\" width=\"417\" height=\"312\" src=\"https:\/\/kath-kitas-koenigsbrunn.de\/wp-content\/uploads\/2024\/09\/Bild2.jpg\" class=\"attachment-large size-large wp-image-10211\" alt=\"\" srcset=\"https:\/\/kath-kitas-koenigsbrunn.de\/wp-content\/uploads\/2024\/09\/Bild2.jpg 417w, https:\/\/kath-kitas-koenigsbrunn.de\/wp-content\/uploads\/2024\/09\/Bild2-300x224.jpg 300w, https:\/\/kath-kitas-koenigsbrunn.de\/wp-content\/uploads\/2024\/09\/Bild2-16x12.jpg 16w, https:\/\/kath-kitas-koenigsbrunn.de\/wp-content\/uploads\/2024\/09\/Bild2-230x172.jpg 230w, https:\/\/kath-kitas-koenigsbrunn.de\/wp-content\/uploads\/2024\/09\/Bild2-350x262.jpg 350w\" sizes=\"(max-width: 417px) 100vw, 417px\" \/>\t\t\t\t\t\t\t\t\t\t\t\t\t\t\t<\/div>\n\t\t\t\t<\/div>\n\t\t\t\t<section class=\"elementor-section elementor-inner-section elementor-element elementor-element-7471fd9 elementor-section-boxed elementor-section-height-default elementor-section-height-default\" data-id=\"7471fd9\" data-element_type=\"section\" data-e-type=\"section\">\n\t\t\t\t\t\t<div class=\"elementor-container elementor-column-gap-default\">\n\t\t\t\t\t<div class=\"elementor-column elementor-col-50 elementor-inner-column elementor-element elementor-element-f2d6469\" data-id=\"f2d6469\" data-element_type=\"column\" data-e-type=\"column\">\n\t\t\t<div class=\"elementor-widget-wrap\">\n\t\t\t\t\t\t\t<\/div>\n\t\t<\/div>\n\t\t\t\t<div class=\"elementor-column elementor-col-50 elementor-inner-column elementor-element elementor-element-1b54507\" data-id=\"1b54507\" data-element_type=\"column\" data-e-type=\"column\">\n\t\t\t<div class=\"elementor-widget-wrap\">\n\t\t\t\t\t\t\t<\/div>\n\t\t<\/div>\n\t\t\t\t\t<\/div>\n\t\t<\/section>\n\t\t\t\t\t<\/div>\n\t\t<\/div>\n\t\t\t\t<div class=\"elementor-column elementor-col-50 elementor-inner-column elementor-element elementor-element-96432f7\" data-id=\"96432f7\" data-element_type=\"column\" data-e-type=\"column\">\n\t\t\t<div class=\"elementor-widget-wrap elementor-element-populated\">\n\t\t\t\t\t\t<div class=\"elementor-element elementor-element-18efb61 elementor-widget elementor-widget-text-editor\" data-id=\"18efb61\" data-element_type=\"widget\" data-e-type=\"widget\" data-widget_type=\"text-editor.default\">\n\t\t\t\t<div class=\"elementor-widget-container\">\n\t\t\t\t\t\t\t\t\t<p><strong><u>Vernissage Kinderkrippe:<\/u><\/strong><\/p><p>Die Krippenkinder des Krippenjahres 2023\/2024 habe sich das ganze Jahr \u00fcber als \u201ekreative kleine K\u00fcnstler\u201c bet\u00e4tigt.<\/p><p>Diese Kunstwerke wurden am 19. Juli 2024 im Rahmen einer Vernissage in liebevoller Weise in einem Gruppenraum der Kinderkrippe ausgestellt. Hier hatten alle interessierten Eltern die M\u00f6glichkeit, die Kunstwerke ihrer Kinder zu bestaunen und auf Spendenbasis zu erwerben.<\/p><p>Auch das Rahmenprogramm war bunt und neben kulinarischen K\u00f6stlichkeiten und leckeren Getr\u00e4nken, wurde der Abend durch die Versteigerung eines von den Kindern gestalteten Spiegels und einer Gitarre mit den Fu\u00dfabdr\u00fccken einiger Kinder gekr\u00f6nt. Ein lauer Sommerabend mit stolzen Eltern und viel Spa\u00df. Vielen Dank an das Krippenteam und ihr Engagement!<\/p>\t\t\t\t\t\t\t\t<\/div>\n\t\t\t\t<\/div>\n\t\t\t\t\t<\/div>\n\t\t<\/div>\n\t\t\t\t\t<\/div>\n\t\t<\/section>\n\t\t\t\t\t<\/div>\n\t\t<\/div>\n\t\t\t\t\t<\/div>\n\t\t<\/section>\n\t\t\t\t<\/div>","protected":false},"excerpt":{"rendered":"<p>Sommerfest Unter dem Motto \u201ebayerisch\u201c stand in diesem Jahr das Sommerfest in der Kinderkrippe. Mit viel Liebe und Arbeit stellte das Personal [&hellip;]<\/p>\n","protected":false},"author":1,"featured_media":0,"parent":0,"menu_order":0,"comment_status":"closed","ping_status":"closed","template":"","meta":{"footnotes":""},"class_list":["post-10209","page","type-page","status-publish","hentry"],"yoast_head":"<!-- This site is optimized with the Yoast SEO plugin v27.5 - https:\/\/yoast.com\/product\/yoast-seo-wordpress\/ -->\n<title>Sommerfest - Katholische Kitas in K&ouml;nigsbrunn<\/title>\n<meta name=\"robots\" content=\"index, follow, max-snippet:-1, max-image-preview:large, max-video-preview:-1\" \/>\n<link rel=\"canonical\" href=\"https:\/\/kath-kitas-koenigsbrunn.de\/en\/sommerfest2024\/\" \/>\n<meta property=\"og:locale\" content=\"en_US\" \/>\n<meta property=\"og:type\" content=\"article\" \/>\n<meta property=\"og:title\" content=\"Sommerfest - Katholische Kitas in K&ouml;nigsbrunn\" \/>\n<meta property=\"og:description\" content=\"Sommerfest Unter dem Motto \u201ebayerisch\u201c stand in diesem Jahr das Sommerfest in der Kinderkrippe. Mit viel Liebe und Arbeit stellte das Personal [&hellip;]\" \/>\n<meta property=\"og:url\" content=\"https:\/\/kath-kitas-koenigsbrunn.de\/en\/sommerfest2024\/\" \/>\n<meta property=\"og:site_name\" content=\"Katholische Kitas in K&ouml;nigsbrunn\" \/>\n<meta property=\"article:modified_time\" content=\"2025-06-17T20:06:22+00:00\" \/>\n<meta property=\"og:image\" content=\"https:\/\/kath-kitas-koenigsbrunn.de\/wp-content\/uploads\/2024\/09\/Bild1.jpg\" \/>\n<meta name=\"twitter:card\" content=\"summary_large_image\" \/>\n<meta name=\"twitter:label1\" content=\"Est. reading time\" \/>\n\t<meta name=\"twitter:data1\" content=\"2 minutes\" \/>\n<script type=\"application\/ld+json\" class=\"yoast-schema-graph\">{\"@context\":\"https:\\\/\\\/schema.org\",\"@graph\":[{\"@type\":\"WebPage\",\"@id\":\"https:\\\/\\\/kath-kitas-koenigsbrunn.de\\\/sommerfest2024\",\"url\":\"https:\\\/\\\/kath-kitas-koenigsbrunn.de\\\/sommerfest2024\",\"name\":\"Sommerfest - Katholische Kitas in K&ouml;nigsbrunn\",\"isPartOf\":{\"@id\":\"https:\\\/\\\/kath-kitas-koenigsbrunn.de\\\/#website\"},\"primaryImageOfPage\":{\"@id\":\"https:\\\/\\\/kath-kitas-koenigsbrunn.de\\\/sommerfest2024#primaryimage\"},\"image\":{\"@id\":\"https:\\\/\\\/kath-kitas-koenigsbrunn.de\\\/sommerfest2024#primaryimage\"},\"thumbnailUrl\":\"https:\\\/\\\/kath-kitas-koenigsbrunn.de\\\/wp-content\\\/uploads\\\/2024\\\/09\\\/Bild1.jpg\",\"datePublished\":\"2024-09-11T16:35:40+00:00\",\"dateModified\":\"2025-06-17T20:06:22+00:00\",\"breadcrumb\":{\"@id\":\"https:\\\/\\\/kath-kitas-koenigsbrunn.de\\\/sommerfest2024#breadcrumb\"},\"inLanguage\":\"en-US\",\"potentialAction\":[{\"@type\":\"ReadAction\",\"target\":[\"https:\\\/\\\/kath-kitas-koenigsbrunn.de\\\/sommerfest2024\"]}]},{\"@type\":\"ImageObject\",\"inLanguage\":\"en-US\",\"@id\":\"https:\\\/\\\/kath-kitas-koenigsbrunn.de\\\/sommerfest2024#primaryimage\",\"url\":\"https:\\\/\\\/kath-kitas-koenigsbrunn.de\\\/wp-content\\\/uploads\\\/2024\\\/09\\\/Bild1.jpg\",\"contentUrl\":\"https:\\\/\\\/kath-kitas-koenigsbrunn.de\\\/wp-content\\\/uploads\\\/2024\\\/09\\\/Bild1.jpg\"},{\"@type\":\"BreadcrumbList\",\"@id\":\"https:\\\/\\\/kath-kitas-koenigsbrunn.de\\\/sommerfest2024#breadcrumb\",\"itemListElement\":[{\"@type\":\"ListItem\",\"position\":1,\"name\":\"Startseite\",\"item\":\"https:\\\/\\\/kath-kitas-koenigsbrunn.de\\\/\"},{\"@type\":\"ListItem\",\"position\":2,\"name\":\"Sommerfest\"}]},{\"@type\":\"WebSite\",\"@id\":\"https:\\\/\\\/kath-kitas-koenigsbrunn.de\\\/#website\",\"url\":\"https:\\\/\\\/kath-kitas-koenigsbrunn.de\\\/\",\"name\":\"Katholische Kitas in K\u00f6nigsbrunn\",\"description\":\"\",\"publisher\":{\"@id\":\"https:\\\/\\\/kath-kitas-koenigsbrunn.de\\\/#organization\"},\"potentialAction\":[{\"@type\":\"SearchAction\",\"target\":{\"@type\":\"EntryPoint\",\"urlTemplate\":\"https:\\\/\\\/kath-kitas-koenigsbrunn.de\\\/?s={search_term_string}\"},\"query-input\":{\"@type\":\"PropertyValueSpecification\",\"valueRequired\":true,\"valueName\":\"search_term_string\"}}],\"inLanguage\":\"en-US\"},{\"@type\":\"Organization\",\"@id\":\"https:\\\/\\\/kath-kitas-koenigsbrunn.de\\\/#organization\",\"name\":\"Katholische KiTas in K\u00f6nigsbrunn\",\"url\":\"https:\\\/\\\/kath-kitas-koenigsbrunn.de\\\/\",\"logo\":{\"@type\":\"ImageObject\",\"inLanguage\":\"en-US\",\"@id\":\"https:\\\/\\\/kath-kitas-koenigsbrunn.de\\\/#\\\/schema\\\/logo\\\/image\\\/\",\"url\":\"https:\\\/\\\/kath-kitas-koenigsbrunn.de\\\/wp-content\\\/uploads\\\/2019\\\/11\\\/cropped-Logo-Tr\u00e4ger-Kindergarten-1.png\",\"contentUrl\":\"https:\\\/\\\/kath-kitas-koenigsbrunn.de\\\/wp-content\\\/uploads\\\/2019\\\/11\\\/cropped-Logo-Tr\u00e4ger-Kindergarten-1.png\",\"width\":512,\"height\":512,\"caption\":\"Katholische KiTas in K\u00f6nigsbrunn\"},\"image\":{\"@id\":\"https:\\\/\\\/kath-kitas-koenigsbrunn.de\\\/#\\\/schema\\\/logo\\\/image\\\/\"}}]}<\/script>\n<!-- \/ Yoast SEO plugin. -->","yoast_head_json":{"title":"Sommerfest - Katholische Kitas in K&ouml;nigsbrunn","robots":{"index":"index","follow":"follow","max-snippet":"max-snippet:-1","max-image-preview":"max-image-preview:large","max-video-preview":"max-video-preview:-1"},"canonical":"https:\/\/kath-kitas-koenigsbrunn.de\/en\/sommerfest2024\/","og_locale":"en_US","og_type":"article","og_title":"Sommerfest - Katholische Kitas in K&ouml;nigsbrunn","og_description":"Sommerfest Unter dem Motto \u201ebayerisch\u201c stand in diesem Jahr das Sommerfest in der Kinderkrippe. Mit viel Liebe und Arbeit stellte das Personal [&hellip;]","og_url":"https:\/\/kath-kitas-koenigsbrunn.de\/en\/sommerfest2024\/","og_site_name":"Katholische Kitas in K&ouml;nigsbrunn","article_modified_time":"2025-06-17T20:06:22+00:00","og_image":[{"url":"https:\/\/kath-kitas-koenigsbrunn.de\/wp-content\/uploads\/2024\/09\/Bild1.jpg","type":"","width":"","height":""}],"twitter_card":"summary_large_image","twitter_misc":{"Est. reading time":"2 minutes"},"schema":{"@context":"https:\/\/schema.org","@graph":[{"@type":"WebPage","@id":"https:\/\/kath-kitas-koenigsbrunn.de\/sommerfest2024","url":"https:\/\/kath-kitas-koenigsbrunn.de\/sommerfest2024","name":"Sommerfest - Katholische Kitas in K&ouml;nigsbrunn","isPartOf":{"@id":"https:\/\/kath-kitas-koenigsbrunn.de\/#website"},"primaryImageOfPage":{"@id":"https:\/\/kath-kitas-koenigsbrunn.de\/sommerfest2024#primaryimage"},"image":{"@id":"https:\/\/kath-kitas-koenigsbrunn.de\/sommerfest2024#primaryimage"},"thumbnailUrl":"https:\/\/kath-kitas-koenigsbrunn.de\/wp-content\/uploads\/2024\/09\/Bild1.jpg","datePublished":"2024-09-11T16:35:40+00:00","dateModified":"2025-06-17T20:06:22+00:00","breadcrumb":{"@id":"https:\/\/kath-kitas-koenigsbrunn.de\/sommerfest2024#breadcrumb"},"inLanguage":"en-US","potentialAction":[{"@type":"ReadAction","target":["https:\/\/kath-kitas-koenigsbrunn.de\/sommerfest2024"]}]},{"@type":"ImageObject","inLanguage":"en-US","@id":"https:\/\/kath-kitas-koenigsbrunn.de\/sommerfest2024#primaryimage","url":"https:\/\/kath-kitas-koenigsbrunn.de\/wp-content\/uploads\/2024\/09\/Bild1.jpg","contentUrl":"https:\/\/kath-kitas-koenigsbrunn.de\/wp-content\/uploads\/2024\/09\/Bild1.jpg"},{"@type":"BreadcrumbList","@id":"https:\/\/kath-kitas-koenigsbrunn.de\/sommerfest2024#breadcrumb","itemListElement":[{"@type":"ListItem","position":1,"name":"Startseite","item":"https:\/\/kath-kitas-koenigsbrunn.de\/"},{"@type":"ListItem","position":2,"name":"Sommerfest"}]},{"@type":"WebSite","@id":"https:\/\/kath-kitas-koenigsbrunn.de\/#website","url":"https:\/\/kath-kitas-koenigsbrunn.de\/","name":"Catholic day-care centers in K\u00f6nigsbrunn","description":"","publisher":{"@id":"https:\/\/kath-kitas-koenigsbrunn.de\/#organization"},"potentialAction":[{"@type":"SearchAction","target":{"@type":"EntryPoint","urlTemplate":"https:\/\/kath-kitas-koenigsbrunn.de\/?s={search_term_string}"},"query-input":{"@type":"PropertyValueSpecification","valueRequired":true,"valueName":"search_term_string"}}],"inLanguage":"en-US"},{"@type":"Organization","@id":"https:\/\/kath-kitas-koenigsbrunn.de\/#organization","name":"Katholische KiTas in K\u00f6nigsbrunn","url":"https:\/\/kath-kitas-koenigsbrunn.de\/","logo":{"@type":"ImageObject","inLanguage":"en-US","@id":"https:\/\/kath-kitas-koenigsbrunn.de\/#\/schema\/logo\/image\/","url":"https:\/\/kath-kitas-koenigsbrunn.de\/wp-content\/uploads\/2019\/11\/cropped-Logo-Tr\u00e4ger-Kindergarten-1.png","contentUrl":"https:\/\/kath-kitas-koenigsbrunn.de\/wp-content\/uploads\/2019\/11\/cropped-Logo-Tr\u00e4ger-Kindergarten-1.png","width":512,"height":512,"caption":"Katholische KiTas in K\u00f6nigsbrunn"},"image":{"@id":"https:\/\/kath-kitas-koenigsbrunn.de\/#\/schema\/logo\/image\/"}}]}},"_links":{"self":[{"href":"https:\/\/kath-kitas-koenigsbrunn.de\/en\/wp-json\/wp\/v2\/pages\/10209","targetHints":{"allow":["GET"]}}],"collection":[{"href":"https:\/\/kath-kitas-koenigsbrunn.de\/en\/wp-json\/wp\/v2\/pages"}],"about":[{"href":"https:\/\/kath-kitas-koenigsbrunn.de\/en\/wp-json\/wp\/v2\/types\/page"}],"author":[{"embeddable":true,"href":"https:\/\/kath-kitas-koenigsbrunn.de\/en\/wp-json\/wp\/v2\/users\/1"}],"replies":[{"embeddable":true,"href":"https:\/\/kath-kitas-koenigsbrunn.de\/en\/wp-json\/wp\/v2\/comments?post=10209"}],"version-history":[{"count":6,"href":"https:\/\/kath-kitas-koenigsbrunn.de\/en\/wp-json\/wp\/v2\/pages\/10209\/revisions"}],"predecessor-version":[{"id":10218,"href":"https:\/\/kath-kitas-koenigsbrunn.de\/en\/wp-json\/wp\/v2\/pages\/10209\/revisions\/10218"}],"wp:attachment":[{"href":"https:\/\/kath-kitas-koenigsbrunn.de\/en\/wp-json\/wp\/v2\/media?parent=10209"}],"curies":[{"name":"wp","href":"https:\/\/api.w.org\/{rel}","templated":true}]}}